{"id":75,"date":"2013-05-05T19:18:21","date_gmt":"2013-05-05T17:18:21","guid":{"rendered":"http:\/\/www.musikverein-donnerskirchen.at\/wptest\/?page_id=75"},"modified":"2024-07-28T23:37:26","modified_gmt":"2024-07-28T21:37:26","slug":"musik","status":"publish","type":"page","link":"https:\/\/www.musikverein-donnerskirchen.at\/?page_id=75","title":{"rendered":"Musik"},"content":{"rendered":"\n<p>Das Repertoire der 1. Bgld. Trachtenkapelle Donnerskirchen ist \u00fcber die verschiedensten Stilrichtungen verteilt. Neben den mit der traditionellen Blasmusik \u00fcblicherweise verbundenen St\u00fccken wie Marsch, Walzer und Polka geh\u00f6ren klassische Werke genauso wie moderne Pop &amp; Rock Arrangements zum Inventar.<\/p>\n\n\n\n<p>Auf ein solch gro\u00dfes, vielseitges Repertoire zur\u00fcckgreifen zu k\u00f6nnen ist besonders wichtig, um die verschiedene Anl\u00e4sse wie Hochzeiten, Geburtstagsst\u00e4ndchen, diverse Feste, klassische oder moderne Konzerte, Messen, Prozessionen oder auch Begr\u00e4bnisse entsprechend zu gestalten.<\/p>\n\n\n\n<p>Au\u00dferdem werden auch Kompositionen von Musikern aus den eigenen Reihen der Trachtkapelle gespielt.<\/p>\n\n\n\n<h2 class=\"wp-block-heading\">CD: You&#8217;ll never walk alone <\/h2>\n\n\n<div class=\"wp-block-image\">\n<figure class=\"alignleft\"><img decoding=\"async\" width=\"171\" height=\"170\" src=\"http:\/\/www.musikverein-donnerskirchen.at\/wp-content\/uploads\/2013\/05\/cd.png\" alt=\"cd\" class=\"wp-image-212\" srcset=\"https:\/\/www.musikverein-donnerskirchen.at\/wp-content\/uploads\/2013\/05\/cd.png 171w, https:\/\/www.musikverein-donnerskirchen.at\/wp-content\/uploads\/2013\/05\/cd-150x150.png 150w\" sizes=\"(max-width: 171px) 100vw, 171px\" \/><\/figure>\n<\/div>\n\n\n<p>Anl\u00e4sslich des 45 Jahr Jubil\u00e4ums der 1. Bgld Trachtenkapelle Donnerskirchen wurde ein neuer Tontr\u00e4ger in Form einer Musik-CD produziert. Der Name &#8222;You&#8217;ll never walk alone&#8220; soll nicht nur die intensive Zusammenarbeit aller Musikerinnen und Musikern die zur Entstehung der CD beitrugen widerspiegeln, sondern auch den langen Weg der in den letzten 45 Jahren gemeinsam beschritten wurde.<\/p>\n\n\n\n<p>Die Auswahl der verschiedenen Titel zeigt das breitgef\u00e4cherte Repertoire der 1. Bgld. Trachtenkapelle Donnerskirchen und erstreckt sich von klassicher Blasmusik in vorm von Marsch, Polka und Walzer bis hin zu Solo- und modernen St\u00fccken und auch der Gesang kommt nicht zu kurz&#8230;<\/p>\n\n\n\n<p>Musikalische Leitung:<br>\n<em><strong>Kplm. Mag . Martin Holpfer<\/strong><\/em><br>\nAufnahmeleitung:<br>\n<em><strong>Prof. Rudolf Schrumpf<\/strong><\/em><br>\nTontechnik und Mix:<br>\n<em><strong>Thomas Hofst\u00e4dter<\/strong><\/em>&nbsp;(<a href=\"http:\/\/www.tomtoneproductions.at\/TomTone_Productions\/Willkommen.html\">TomTone productions<\/a>)<\/p>\n\n\n\n<p>Inhalt der CD:<\/p>\n\n\n\n<figure class=\"wp-block-table is-style-stripes\"><table><tbody><tr><td><span style=\"color: #000000;\"><strong>1.<\/strong><\/span><\/td><td><span style=\"color: #000000;\"><strong>Les Montagnards &#8211; Marsch<\/strong><\/span><\/td><td><strong>3:22<\/strong><\/td><td><strong>&nbsp;<\/strong><\/td><\/tr><tr><td><strong>&nbsp;<\/strong><\/td><td><strong>M.: Theo Jetten V.: Molenaar Edition<\/strong><\/td><td><strong>&nbsp;<\/strong><\/td><td><strong>&nbsp;<\/strong><\/td><\/tr><tr><td><span style=\"color: #000000;\"><strong>2.<\/strong><\/span><\/td><td><span style=\"color: #000000;\"><strong>Donnerskirchner Polka<\/strong><\/span><\/td><td><strong>3:33<\/strong><\/td><td><strong>&nbsp;<\/strong><\/td><\/tr><tr><td><strong>&nbsp;<\/strong><\/td><td><strong>M.: Volksweise Arr.: Josef Pitzl V.: SMT Edition<\/strong><\/td><td><strong>&nbsp;<\/strong><\/td><td><strong>&nbsp;<\/strong><\/td><\/tr><tr><td><span style=\"color: #000000;\"><strong>3.<\/strong><\/span><\/td><td><span style=\"color: #000000;\"><strong>Donnerskirchner Heurigenmarsch<\/strong><\/span><\/td><td><strong>3:22<\/strong><\/td><td><strong>&nbsp;<\/strong><\/td><\/tr><tr><td><strong>&nbsp;<\/strong><\/td><td><strong>Gesang: Josef Pitzl, Dunja Klein M.: Franz Peter Hub Arr.: Josef Pitzl V.: SMT Edition<\/strong><\/td><td><strong>&nbsp;<\/strong><\/td><td><strong>&nbsp;<\/strong><\/td><\/tr><tr><td><span style=\"color: #000000;\"><strong>4.<\/strong><\/span><\/td><td><span style=\"color: #000000;\"><strong>Das Dor Luzice &#8211; Walzer<\/strong><\/span><\/td><td><strong>4:12<\/strong><\/td><td><strong>&nbsp;<\/strong><\/td><\/tr><tr><td><strong>&nbsp;<\/strong><\/td><td><strong>M.: Zdenek Vrbik Arr:. Erwien Zsaitsits V.: Helma Musikverlag<\/strong><\/td><td><strong>&nbsp;<\/strong><\/td><td><strong>&nbsp;<\/strong><\/td><\/tr><tr><td><span style=\"color: #000000;\"><strong>5.<\/strong><\/span><\/td><td><span style=\"color: #000000;\"><strong>Borsicka Polka<\/strong><\/span><\/td><td><strong>2:48<\/strong><\/td><td><strong>&nbsp;<\/strong><\/td><\/tr><tr><td><strong>&nbsp;<\/strong><\/td><td><strong>M.: Josef Repa Arr.. Freek Mestrini V.: Ewoton Musikverlag<\/strong><\/td><td><strong>&nbsp;<\/strong><\/td><td><strong>&nbsp;<\/strong><\/td><\/tr><tr><td><span style=\"color: #000000;\"><strong>6.<\/strong><\/span><\/td><td><span style=\"color: #000000;\"><strong>Rainer Marsch<\/strong><\/span><\/td><td><strong>2:39<\/strong><\/td><td><strong>&nbsp;<\/strong><\/td><\/tr><tr><td><strong>&nbsp;<\/strong><\/td><td><strong>M.: Hans Schmid V.: Hans Schmid Gesellschaft<\/strong><\/td><td><strong>&nbsp;<\/strong><\/td><td><strong>&nbsp;<\/strong><\/td><\/tr><tr><td><span style=\"color: #000000;\"><strong>7.<\/strong><\/span><\/td><td><span style=\"color: #000000;\"><strong>B\u00f6hmischer Traum<\/strong><\/span><\/td><td><strong>4:48<\/strong><\/td><td><strong>&nbsp;<\/strong><\/td><\/tr><tr><td><strong>&nbsp;<\/strong><\/td><td><strong>M.: Norbert G\u00e4lle Arr.: Siegfried Rundel V.: Rundel Musikverlag<\/strong><\/td><td><strong>&nbsp;<\/strong><\/td><td><strong>&nbsp;<\/strong><\/td><\/tr><tr><td><span style=\"color: #000000;\"><strong>8.<\/strong><\/span><\/td><td><span style=\"color: #000000;\"><strong>Bugler&#8217;s Holiday<\/strong><\/span><\/td><td><strong>2:39<\/strong><\/td><td><strong>&nbsp;<\/strong><\/td><\/tr><tr><td><strong>&nbsp;<\/strong><\/td><td><strong>Solsiten: DI Klaus Krenn, Christian Striok, Elmar Rohrer M.: Leroy Anderson Arr.: Heinz Dieter Paul V.: Belwin-Mills<\/strong><\/td><td><strong>&nbsp;<\/strong><\/td><td><strong>&nbsp;<\/strong><\/td><\/tr><tr><td><span style=\"color: #000000;\"><strong>9.<\/strong><\/span><\/td><td><span style=\"color: #000000;\"><strong>Y.M.C.A.<\/strong><\/span><\/td><td><strong>2:27<\/strong><\/td><td><strong>&nbsp;<\/strong><\/td><\/tr><tr><td><strong>&nbsp;<\/strong><\/td><td><strong>M.: Henri Belolo Arr.: John Glenesk Mortimer V.: Edition Marc Reift<\/strong><\/td><td><strong>&nbsp;<\/strong><\/td><td><strong>&nbsp;<\/strong><\/td><\/tr><tr><td><span style=\"color: #000000;\"><strong>10.<\/strong><\/span><\/td><td><span style=\"color: #000000;\"><strong>You&#8217;ll never walk alone<\/strong><\/span><\/td><td><strong>2:58<\/strong><\/td><td><strong>&nbsp;<\/strong><\/td><\/tr><tr><td><strong>&nbsp;<\/strong><\/td><td><strong>M.: Richard Rogers, Oscar Hammerstein Arr.: Larry Foster V.: Scherzando Music Publishers<\/strong><\/td><td><strong>&nbsp;<\/strong><\/td><td><strong>&nbsp;<\/strong><\/td><\/tr><tr><td><span style=\"color: #000000;\"><strong>11.<\/strong><\/span><\/td><td><span style=\"color: #000000;\"><strong>Supertramp (Medley)<\/strong><\/span><\/td><td><strong>9:24<\/strong><\/td><td><strong>&nbsp;<\/strong><\/td><\/tr><tr><td><strong>&nbsp;<\/strong><\/td><td><strong>M.: Roger Hodgson, Rick Davies Arr.: Andre Waignein V.: Scherzando Music Publishers<\/strong><\/td><td><strong>&nbsp;<\/strong><\/td><td><strong>&nbsp;<\/strong><\/td><\/tr><tr><td><span style=\"color: #000000;\"><strong>12.<\/strong><\/span><\/td><td><span style=\"color: #000000;\"><strong>Burgenland, mein Heimatland &#8211; Marsch<\/strong><\/span><\/td><td><strong>3:46<\/strong><\/td><td><strong>&nbsp;<\/strong><\/td><\/tr><tr><td><strong>&nbsp;<\/strong><\/td><td><strong>M.: Josef Pitzl T.: Josef Pitzl V.: SMT Edition<\/strong><\/td><\/tr><\/tbody><\/table><\/figure>\n\n\n\n<h2 class=\"wp-block-heading\"><strong>CD: 30 Jahre 1. Bgld. Trachtenkapelle Donnerskirchen<\/strong><\/h2>\n\n\n\n<figure class=\"wp-block-image\"><img decoding=\"async\" src=\"http:\/\/www.musikverein-donnerskirchen.at\/img\/30jahre%20002.jpg\" alt=\"\"\/><\/figure>\n\n\n\n<p><\/p>\n\n\n\n<p>Leitung:&nbsp;<em>Kplm. Wolfgang Krenn<\/em><\/p>\n\n\n\n<p>Sein 30-Jahr-Jubil\u00e4um im Jahre 1994 nahm der Musikverein Donnerskirchen als Anlass eine CD, sowie damals noch \u00fcblich eine Schallplatte bzw. Musikkassette aufzunehmen.<\/p>\n\n\n\n<p>Diese CD soll eine kleine Auswahl von traditionellen M\u00e4rschen und Polkas widerspiegeln, die auch noch heute zum Repertoire des Musikvereins z\u00e4hlen.<\/p>\n\n\n\n<p>Inhalt der CD:<\/p>\n\n\n\n<div class=\"wp-block-columns is-layout-flex wp-container-core-columns-is-layout-9d6595d7 wp-block-columns-is-layout-flex\">\n<div class=\"wp-block-column is-layout-flow wp-block-column-is-layout-flow\" style=\"flex-basis:100%\">\n<div class=\"wp-block-group\"><div class=\"wp-block-group__inner-container is-layout-constrained wp-block-group-is-layout-constrained\">\n<figure class=\"wp-block-table alignleft is-style-stripes\"><table><tbody><tr><td><span style=\"color: #000000;\"><strong>1.<\/strong><\/span><\/td><td><span style=\"color: #000000;\"><strong>Vereintes Europa<\/strong><\/span><\/td><td><strong>2.54<\/strong><\/td><td><strong>&nbsp;<\/strong><\/td><\/tr><tr><td><strong>&nbsp;<\/strong><\/td><td><strong>K.: Werner Br\u00fcggemann V.: Donauton<\/strong><\/td><td><strong>&nbsp;<\/strong><\/td><td><strong>&nbsp;<\/strong><\/td><\/tr><tr><td><span style=\"color: #000000;\"><strong>2.<\/strong><\/span><\/td><td><span style=\"color: #000000;\"><strong>Feinschmecker Polka<\/strong><\/span><\/td><td><strong>2.32<\/strong><\/td><td><strong>&nbsp;<\/strong><\/td><\/tr><tr><td><strong>&nbsp;<\/strong><\/td><td><strong>K.: Ernst Mosch, Gerald Weinkopf V.: E. Mosch<\/strong><\/td><td><strong>&nbsp;<\/strong><\/td><td><strong>&nbsp;<\/strong><\/td><\/tr><tr><td><span style=\"color: #000000;\"><strong>3.<\/strong><\/span><\/td><td><span style=\"color: #000000;\"><strong>Neapel Marsch<\/strong><\/span><\/td><td><strong>3.03<\/strong><\/td><td><strong><a href=\"http:\/\/www.musikverein-donnerskirchen.at\/data\/music\/neapel.mp3\">reinh\u00f6ren&#8230;<\/a><\/strong><\/td><\/tr><tr><td><strong>&nbsp;<\/strong><\/td><td><strong>K.: L. Musso, H. Kliment V.: Kliment<\/strong><\/td><td><strong>&nbsp;<\/strong><\/td><td><strong>&nbsp;<\/strong><\/td><\/tr><tr><td><span style=\"color: #000000;\"><strong>4.<\/strong><\/span><\/td><td><span style=\"color: #000000;\"><strong>Chodounska Polka (Festwies Polka)<\/strong><\/span><\/td><td><strong>3.17<\/strong><\/td><td><strong><a href=\"http:\/\/www.musikverein-donnerskirchen.at\/data\/music\/ChodunskaPolka.mp3\">reinh\u00f6ren&#8230;<\/a><\/strong><\/td><\/tr><tr><td><strong>&nbsp;<\/strong><\/td><td><strong>K.: Josef Poncar, Freck Mestrini V.: Ewoton<\/strong><\/td><td><strong>&nbsp;<\/strong><\/td><td><strong>&nbsp;<\/strong><\/td><\/tr><tr><td><span style=\"color: #000000;\"><strong>5.<\/strong><\/span><\/td><td><span style=\"color: #000000;\"><strong>Kitzb\u00fchler Standsch\u00fctzen Marsch<\/strong><\/span><\/td><td><strong>2.31<\/strong><\/td><td><strong><a href=\"http:\/\/www.musikverein-donnerskirchen.at\/data\/music\/kitzbueheler.mp3\">reinh\u00f6ren&#8230;<\/a><\/strong><\/td><\/tr><tr><td><strong>&nbsp;<\/strong><\/td><td><strong>K.: Georg Kaltschmid V.: Kliment<\/strong><\/td><td><strong>&nbsp;<\/strong><\/td><td><strong>&nbsp;<\/strong><\/td><\/tr><tr><td><span style=\"color: #000000;\"><strong>6.<\/strong><\/span><\/td><td><span style=\"color: #000000;\"><strong>Polka f\u00fcr Zwei<\/strong><\/span><\/td><td><strong>3.08<\/strong><\/td><td><strong>&nbsp;<\/strong><\/td><\/tr><tr><td><strong>&nbsp;<\/strong><\/td><td><strong>K.: Kurt Sorbon V.: E. Mosch<\/strong><\/td><td><strong>&nbsp;<\/strong><\/td><td><strong>&nbsp;<\/strong><\/td><\/tr><tr><td><span style=\"color: #000000;\"><strong>7.<\/strong><\/span><\/td><td><span style=\"color: #000000;\"><strong>Erinnerungen an Julius Fucik<\/strong><\/span><\/td><td><strong>5.12<\/strong><\/td><td><strong>&nbsp;<\/strong><\/td><\/tr><tr><td><strong>&nbsp;<\/strong><\/td><td><strong>K.: Kurt Sorbon V.: Halter<\/strong><\/td><td><strong>&nbsp;<\/strong><\/td><td><strong>&nbsp;<\/strong><\/td><\/tr><tr><td><span style=\"color: #000000;\"><strong>8.<\/strong><\/span><\/td><td><span style=\"color: #000000;\"><strong>Start Frei (Marsch)<\/strong><\/span><\/td><td><strong>2.15<\/strong><\/td><td><strong>&nbsp;<\/strong><\/td><\/tr><tr><td><strong>&nbsp;<\/strong><\/td><td><strong>K.: Bohuslav Leopold, Gerald Weinkopf V.: E. Mosch<\/strong><\/td><td><strong>&nbsp;<\/strong><\/td><td><strong>&nbsp;<\/strong><\/td><\/tr><tr><td><span style=\"color: #000000;\"><strong>9.<\/strong><\/span><\/td><td><span style=\"color: #000000;\"><strong>Ein Wettstreit<\/strong><\/span><\/td><td><strong>2.51<\/strong><\/td><td><strong>&nbsp;<\/strong><\/td><\/tr><tr><td><strong>&nbsp;<\/strong><\/td><td><strong>K.: Herbert Nieswandt V.: Burger<\/strong><\/td><td><strong>&nbsp;<\/strong><\/td><td><strong>&nbsp;<\/strong><\/td><\/tr><tr><td><span style=\"color: #000000;\"><strong>10.<\/strong><\/span><\/td><td><span style=\"color: #000000;\"><strong>Unter \u00d6sterreichs Fahnen<\/strong><\/span><\/td><td><strong>18.06<\/strong><\/td><td><strong>&nbsp;<\/strong><\/td><\/tr><tr><td><strong>&nbsp;<\/strong><\/td><td><strong>K.: Hans Kliment V.: Kliment Ltg.: Kplm. Rudolf Schrumpf<\/strong><\/td><\/tr><\/tbody><\/table><\/figure>\n<\/div><\/div>\n<\/div>\n<\/div>\n","protected":false},"excerpt":{"rendered":"<p>Das Repertoire der 1. Bgld. Trachtenkapelle Donnerskirchen ist \u00fcber die verschiedensten Stilrichtungen verteilt. Neben den mit der traditionellen Blasmusik \u00fcblicherweise verbundenen St\u00fccken wie Marsch, Walzer und Polka geh\u00f6ren klassische Werke genauso wie moderne Pop &amp; Rock Arrangements zum Inventar. Auf ein solch gro\u00dfes, vielseitges Repertoire zur\u00fcckgreifen zu k\u00f6nnen ist besonders wichtig, um die verschiedene Anl\u00e4sse [&hellip;]<\/p>\n","protected":false},"author":1,"featured_media":0,"parent":0,"menu_order":120,"comment_status":"closed","ping_status":"closed","template":"","meta":{"footnotes":""},"class_list":["post-75","page","type-page","status-publish","hentry"],"_links":{"self":[{"href":"https:\/\/www.musikverein-donnerskirchen.at\/index.php?rest_route=\/wp\/v2\/pages\/75","targetHints":{"allow":["GET"]}}],"collection":[{"href":"https:\/\/www.musikverein-donnerskirchen.at\/index.php?rest_route=\/wp\/v2\/pages"}],"about":[{"href":"https:\/\/www.musikverein-donnerskirchen.at\/index.php?rest_route=\/wp\/v2\/types\/page"}],"author":[{"embeddable":true,"href":"https:\/\/www.musikverein-donnerskirchen.at\/index.php?rest_route=\/wp\/v2\/users\/1"}],"replies":[{"embeddable":true,"href":"https:\/\/www.musikverein-donnerskirchen.at\/index.php?rest_route=%2Fwp%2Fv2%2Fcomments&post=75"}],"version-history":[{"count":8,"href":"https:\/\/www.musikverein-donnerskirchen.at\/index.php?rest_route=\/wp\/v2\/pages\/75\/revisions"}],"predecessor-version":[{"id":1298,"href":"https:\/\/www.musikverein-donnerskirchen.at\/index.php?rest_route=\/wp\/v2\/pages\/75\/revisions\/1298"}],"wp:attachment":[{"href":"https:\/\/www.musikverein-donnerskirchen.at\/index.php?rest_route=%2Fwp%2Fv2%2Fmedia&parent=75"}],"curies":[{"name":"wp","href":"https:\/\/api.w.org\/{rel}","templated":true}]}}